{"id":1297,"date":"2021-02-23T11:19:49","date_gmt":"2021-02-23T11:19:49","guid":{"rendered":"https:\/\/in-colombiaorg.onyx-sites.io\/?page_id=1297"},"modified":"2021-08-13T15:36:32","modified_gmt":"2021-08-13T15:36:32","slug":"elementor-1297","status":"publish","type":"page","link":"https:\/\/in-colombia.org\/?page_id=1297","title":{"rendered":"Elementor #1297"},"content":{"rendered":"\t\t<div data-elementor-type=\"wp-page\" data-elementor-id=\"1297\" class=\"elementor elementor-1297\" data-elementor-settings=\"[]\">\n\t\t\t\t\t\t\t<div class=\"elementor-section-wrap\">\n\t\t\t\t\t\t\t<section class=\"elementor-section elementor-top-section elementor-element elementor-element-c58806b elementor-section-boxed elementor-section-height-default elementor-section-height-default\" data-id=\"c58806b\" data-element_type=\"section\">\n\t\t\t\t\t\t<div class=\"elementor-container elementor-column-gap-default\">\n\t\t\t\t\t<div class=\"elementor-column elementor-col-100 elementor-top-column elementor-element elementor-element-8d863e1\" data-id=\"8d863e1\" data-element_type=\"column\">\n\t\t\t<div class=\"elementor-widget-wrap elementor-element-populated\">\n\t\t\t\t\t\t\t\t<div class=\"elementor-element elementor-element-2856e2c elementor-widget elementor-widget-spacer\" data-id=\"2856e2c\" data-element_type=\"widget\" data-widget_type=\"spacer.default\">\n\t\t\t\t<div class=\"elementor-widget-container\">\n\t\t\t\t\t<div class=\"elementor-spacer\">\n\t\t\t<div class=\"elementor-spacer-inner\"><\/div>\n\t\t<\/div>\n\t\t\t\t<\/div>\n\t\t\t\t<\/div>\n\t\t\t\t<div class=\"elementor-element elementor-element-67ac592 elementor-widget elementor-widget-heading\" data-id=\"67ac592\" data-element_type=\"widget\" data-widget_type=\"heading.default\">\n\t\t\t\t<div class=\"elementor-widget-container\">\n\t\t\t<h2 class=\"elementor-heading-title elementor-size-default\"><h2 style=\"overflow-wrap: break-word; margin-right: auto; margin-bottom: 30px; margin-left: auto; line-height: 1.25;\">Plantas y hongos, una oportunidad para el crecimiento verde de Colombia<span style=\"color: rgb(0, 15, 43); font-family: Roboto, sans-serif; font-size: 28px; font-style: inherit; font-weight: 400; letter-spacing: 2.5px; white-space: pre-wrap;\"><\/span><font color=\"#000000\" face=\"Montserrat, sans-serif\"><span style=\"font-size: 24px; letter-spacing: normal; white-space: normal;\"><b><br><\/b><\/span><\/font><\/h2><\/h2>\t\t<\/div>\n\t\t\t\t<\/div>\n\t\t\t\t<div class=\"elementor-element elementor-element-6e7159d elementor-widget elementor-widget-text-editor\" data-id=\"6e7159d\" data-element_type=\"widget\" data-widget_type=\"text-editor.default\">\n\t\t\t\t<div class=\"elementor-widget-container\">\n\t\t\t\t\t<div class=\"elementor-text-editor elementor-clearfix\"><p>Frank Gardner, corresponsal de la BBC de Londres, hace un viaje a Colombia con el equipo de trabajo de Kew Gardens.\u00a0<\/p><\/div>\n\t\t\t\t<\/div>\n\t\t\t\t<\/div>\n\t\t\t\t<div class=\"elementor-element elementor-element-06d24fb elementor-aspect-ratio-169 elementor-widget elementor-widget-video\" data-id=\"06d24fb\" data-element_type=\"widget\" data-settings=\"{&quot;youtube_url&quot;:&quot;https:\\\/\\\/www.youtube.com\\\/watch?v=PwMj72TsSBU&quot;,&quot;video_type&quot;:&quot;youtube&quot;,&quot;controls&quot;:&quot;yes&quot;,&quot;aspect_ratio&quot;:&quot;169&quot;}\" data-widget_type=\"video.default\">\n\t\t\t\t<div class=\"elementor-widget-container\">\n\t\t\t\t\t<div class=\"elementor-wrapper elementor-fit-aspect-ratio elementor-open-inline\">\n\t\t\t<div class=\"elementor-video\"><\/div>\t\t<\/div>\n\t\t\t\t<\/div>\n\t\t\t\t<\/div>\n\t\t\t\t<div class=\"elementor-element elementor-element-832156d elementor-widget elementor-widget-spacer\" data-id=\"832156d\" data-element_type=\"widget\" data-widget_type=\"spacer.default\">\n\t\t\t\t<div class=\"elementor-widget-container\">\n\t\t\t\t\t<div class=\"elementor-spacer\">\n\t\t\t<div class=\"elementor-spacer-inner\"><\/div>\n\t\t<\/div>\n\t\t\t\t<\/div>\n\t\t\t\t<\/div>\n\t\t\t\t<div class=\"elementor-element elementor-element-686a443 elementor-widget elementor-widget-heading\" data-id=\"686a443\" data-element_type=\"widget\" data-widget_type=\"heading.default\">\n\t\t\t\t<div class=\"elementor-widget-container\">\n\t\t\t<h2 class=\"elementor-heading-title elementor-size-default\">Semana Sostenible<\/h2>\t\t<\/div>\n\t\t\t\t<\/div>\n\t\t\t\t<div class=\"elementor-element elementor-element-28dbb56 elementor-widget elementor-widget-text-editor\" data-id=\"28dbb56\" data-element_type=\"widget\" data-widget_type=\"text-editor.default\">\n\t\t\t\t<div class=\"elementor-widget-container\">\n\t\t\t\t\t<div class=\"elementor-text-editor elementor-clearfix\"><ul><li>Plantas y hongos, una oportunidad para el crecimiento verde en Colombia. <span style=\"text-decoration: underline;\"><a href=\"https:\/\/sostenibilidad.semana.com\/actualidad\/articulo\/dos-de-cada-cinco-plantas-en-el-mundo-estan-en-riesgo-de-desaparecer--mundo-hoy\/55903\">Leer art\u00edculo aqu\u00ed &gt;&gt;<\/a><\/span><\/li><li>Reino Unido y Colombia conectan sus ecosistemas de ciencia e innovaci\u00f3n. <a href=\"https:\/\/www.semana.com\/contenidos-editoriales\/ciencia-es-su-turno\/articulo\/reino-unido-y-colombia-conectan-sus-ecosistemas-de-ciencia-e-innovacion\/698972\/?fbclid=IwAR13EUns1ysWsHG1HODoe67dHs66kGeU4zAVVKH42kAOJrL4TdR_P_uR0jA\"><span style=\"text-decoration: underline;\">Leer articulo aqui &gt;&gt;<\/span><\/a><\/li><li>Dos de cada cinco plantas en el mundo est\u00e1n en riesgo de desaparecer. <a href=\"https:\/\/sostenibilidad.semana.com\/actualidad\/articulo\/dos-de-cada-cinco-plantas-en-el-mundo-estan-en-riesgo-de-desaparecer--mundo-hoy\/55903\"><span style=\"text-decoration: underline;\">Leer articulo aqu\u00ed &gt;&gt;<\/span><\/a><\/li><\/ul><\/div>\n\t\t\t\t<\/div>\n\t\t\t\t<\/div>\n\t\t\t\t<div class=\"elementor-element elementor-element-6b30ad3 elementor-widget elementor-widget-heading\" data-id=\"6b30ad3\" data-element_type=\"widget\" data-widget_type=\"heading.default\">\n\t\t\t\t<div class=\"elementor-widget-container\">\n\t\t\t<h2 class=\"elementor-heading-title elementor-size-default\">BBC Mundo <\/h2>\t\t<\/div>\n\t\t\t\t<\/div>\n\t\t\t\t<div class=\"elementor-element elementor-element-125cad4 elementor-widget elementor-widget-text-editor\" data-id=\"125cad4\" data-element_type=\"widget\" data-widget_type=\"text-editor.default\">\n\t\t\t\t<div class=\"elementor-widget-container\">\n\t\t\t\t\t<div class=\"elementor-text-editor elementor-clearfix\"><ul><li>&#8220;La biodiversidad puede ser el oro verde de Colombia, pero cuando nos demos cuenta podr\u00eda ser demasiado tarde&#8221;. <span style=\"text-decoration: underline;\"><a href=\"https:\/\/www.bbc.com\/mundo\/noticias-55830179\">Leer art\u00edculo aqu\u00ed &gt;&gt;<\/a><\/span>\u00a0<\/li><\/ul><\/div>\n\t\t\t\t<\/div>\n\t\t\t\t<\/div>\n\t\t\t\t<div class=\"elementor-element elementor-element-0236fda elementor-widget elementor-widget-heading\" data-id=\"0236fda\" data-element_type=\"widget\" data-widget_type=\"heading.default\">\n\t\t\t\t<div class=\"elementor-widget-container\">\n\t\t\t<h2 class=\"elementor-heading-title elementor-size-default\">Launch ColFungi <\/h2>\t\t<\/div>\n\t\t\t\t<\/div>\n\t\t\t\t<div class=\"elementor-element elementor-element-3490584 elementor-widget elementor-widget-text-editor\" data-id=\"3490584\" data-element_type=\"widget\" data-widget_type=\"text-editor.default\">\n\t\t\t\t<div class=\"elementor-widget-container\">\n\t\t\t\t\t<div class=\"elementor-text-editor elementor-clearfix\"><ul><li>El Real Jard\u00edn Bot\u00e1nico de Kew lanza p\u00e1gina de hongos colombianos. <a href=\"https:\/\/www.eltiempo.com\/vida\/medio-ambiente\/real-jardin-botanico-de-kew-lanza-pagina-de-hongos-colombianos-596557\"><span style=\"text-decoration: underline;\">Leer art\u00edculo aqu\u00ed &gt;&gt;<\/span>\u00a0<\/a><\/li><li class=\"Title ArticleHeader-Title Title_article\">El esfuerzo por descubrir el inexplorado y m\u00e1gico mundo de los hongos de Colombia. <a href=\"https:\/\/www.elespectador.com\/ambiente\/esfuerzo-para-investigar-el-inexplorado-mundo-de-los-hongos-en-colombia\/\">Leer <\/a><span style=\"text-decoration: underline;\">art\u00edculo aqu\u00ed &gt;&gt;\u00a0<\/span><\/li><li class=\"Title ArticleHeader-Title Title_article\"><p class=\"headline\"><span class=\"priority-content\">La cruzada para hallar los hongos y plantas \u00fatiles en Colombia. <\/span><a href=\"https:\/\/www.elcolombiano.com\/medio-ambiente\/investigacion-sobre-plantas-y-hongos-utiles-en-colombia-entre-colombia-y-el-jardin-botanico-de-kew-en-reino-unido-AE15223715\"><span style=\"font-size: 16px;\">Leer <\/span><span style=\"text-decoration: underline;\">art\u00edculo aqu\u00ed &gt;&gt;\u00a0<\/span><\/a><\/p><\/li><\/ul><\/div>\n\t\t\t\t<\/div>\n\t\t\t\t<\/div>\n\t\t\t\t<div class=\"elementor-element elementor-element-e0c231d elementor-widget elementor-widget-spacer\" data-id=\"e0c231d\" data-element_type=\"widget\" data-widget_type=\"spacer.default\">\n\t\t\t\t<div class=\"elementor-widget-container\">\n\t\t\t\t\t<div class=\"elementor-spacer\">\n\t\t\t<div class=\"elementor-spacer-inner\"><\/div>\n\t\t<\/div>\n\t\t\t\t<\/div>\n\t\t\t\t<\/div>\n\t\t\t\t\t<\/div>\n\t\t<\/div>\n\t\t\t\t\t\t\t<\/div>\n\t\t<\/section>\n\t\t\t\t\t\t<\/div>\n\t\t\t\t\t<\/div>\n\t\t","protected":false},"excerpt":{"rendered":"<p>Plantas y hongos, una oportunidad para el crecimiento verde de Colombia Frank Gardner, corresponsal de la BBC de Londres, hace un viaje a Colombia con el equipo de trabajo de Kew Gardens.\u00a0 https:\/\/www.youtube.com\/watch?v=PwMj72TsSBU Semana Sostenible Plantas y hongos, una oportunidad para el crecimiento verde en Colombia. Leer art\u00edculo aqu\u00ed &gt;&gt; Reino Unido y Colombia conectan &hellip;<\/p>\n<p class=\"read-more\"> <a class=\"\" href=\"https:\/\/in-colombia.org\/?page_id=1297\"> <span class=\"screen-reader-text\">Elementor #1297<\/span> Read More &raquo;<\/a><\/p>\n","protected":false},"author":9,"featured_media":0,"parent":0,"menu_order":0,"comment_status":"closed","ping_status":"closed","template":"","meta":{"footnotes":""},"class_list":["post-1297","page","type-page","status-publish","hentry"],"_links":{"self":[{"href":"https:\/\/in-colombia.org\/index.php?rest_route=\/wp\/v2\/pages\/1297","targetHints":{"allow":["GET"]}}],"collection":[{"href":"https:\/\/in-colombia.org\/index.php?rest_route=\/wp\/v2\/pages"}],"about":[{"href":"https:\/\/in-colombia.org\/index.php?rest_route=\/wp\/v2\/types\/page"}],"author":[{"embeddable":true,"href":"https:\/\/in-colombia.org\/index.php?rest_route=\/wp\/v2\/users\/9"}],"replies":[{"embeddable":true,"href":"https:\/\/in-colombia.org\/index.php?rest_route=%2Fwp%2Fv2%2Fcomments&post=1297"}],"version-history":[{"count":37,"href":"https:\/\/in-colombia.org\/index.php?rest_route=\/wp\/v2\/pages\/1297\/revisions"}],"predecessor-version":[{"id":4413,"href":"https:\/\/in-colombia.org\/index.php?rest_route=\/wp\/v2\/pages\/1297\/revisions\/4413"}],"wp:attachment":[{"href":"https:\/\/in-colombia.org\/index.php?rest_route=%2Fwp%2Fv2%2Fmedia&parent=1297"}],"curies":[{"name":"wp","href":"https:\/\/api.w.org\/{rel}","templated":true}]}}